{"id":636,"date":"2023-08-31T12:35:10","date_gmt":"2023-08-31T12:35:10","guid":{"rendered":"http:\/\/www.projectesepia.com\/blog\/?page_id=636"},"modified":"2023-09-03T16:56:25","modified_gmt":"2023-09-03T16:56:25","slug":"el-parc-natural-del-montgri","status":"publish","type":"page","link":"http:\/\/www.projectesepia.com\/blog\/el-parc-natural-del-montgri\/","title":{"rendered":"\u00b7El Parc Natural"},"content":{"rendered":"<p>[et_pb_section fb_built=\u00bb1&#8243; admin_label=\u00bbHero\u00bb _builder_version=\u00bb4.22.1&#8243; background_image=\u00bbhttp:\/\/www.projectesepia.com\/blog\/wp-content\/uploads\/2023\/08\/entorn.png\u00bb custom_padding=\u00bb3px|||||\u00bb global_colors_info=\u00bb{}\u00bb][et_pb_row column_structure=\u00bb1_2,1_2&#8243; use_custom_gutter=\u00bbon\u00bb gutter_width=\u00bb1&#8243; module_class=\u00bb et_pb_row_fullwidth\u00bb _builder_version=\u00bb4.22.1&#8243; background_image=\u00bbhttp:\/\/www.projectesepia.com\/blog\/wp-content\/uploads\/2023\/08\/entorn-1.png\u00bb background_blend=\u00bbdarken\u00bb width=\u00bb100%\u00bb width_tablet=\u00bb100%\u00bb width_phone=\u00bb100%\u00bb width_last_edited=\u00bbon|desktop\u00bb max_width=\u00bb100%\u00bb max_width_tablet=\u00bb100%\u00bb max_width_phone=\u00bb100%\u00bb max_width_last_edited=\u00bbon|desktop\u00bb custom_margin=\u00bb|||\u00bb custom_padding=\u00bb|||\u00bb make_fullwidth=\u00bbon\u00bb global_colors_info=\u00bb{}\u00bb][et_pb_column type=\u00bb1_2&#8243; _builder_version=\u00bb4.16&#8243; background_position=\u00bbtop_left\u00bb custom_padding=\u00bb|||\u00bb global_colors_info=\u00bb{}\u00bb custom_padding__hover=\u00bb|||\u00bb][et_pb_image title_text=\u00bbentorn\u00bb show_bottom_space=\u00bboff\u00bb force_fullwidth=\u00bbon\u00bb align_tablet=\u00bbcenter\u00bb align_phone=\u00bbcenter\u00bb align_last_edited=\u00bbon|desktop\u00bb disabled_on=\u00bbon|on|off\u00bb _builder_version=\u00bb4.22.1&#8243; custom_margin=\u00bb|||\u00bb custom_padding=\u00bb||60px|||\u00bb animation_direction=\u00bb%22fade_in%22&#8243; animation=\u00bbfade_in\u00bb global_colors_info=\u00bb{}\u00bb][\/et_pb_image][\/et_pb_column][et_pb_column type=\u00bb1_2&#8243; _builder_version=\u00bb4.16&#8243; background_position=\u00bbtop_left\u00bb custom_padding=\u00bb|10%||10%\u00bb global_colors_info=\u00bb{}\u00bb custom_padding__hover=\u00bb|||\u00bb][et_pb_text admin_label=\u00bbHero Title\u00bb _builder_version=\u00bb4.22.1&#8243; text_font=\u00bb||||\u00bb text_text_color=\u00bb#1a1a1a\u00bb header_font=\u00bbOswald|on||on|\u00bb header_text_align=\u00bbleft\u00bb header_font_size=\u00bb36px\u00bb header_line_height=\u00bb1.3em\u00bb background_layout=\u00bbdark\u00bb max_width=\u00bb450px\u00bb custom_margin=\u00bb|||\u00bb custom_padding=\u00bb|||\u00bb animation_style=\u00bbslide\u00bb animation_direction=\u00bbtop\u00bb animation_intensity_slide=\u00bb10%\u00bb locked=\u00bboff\u00bb global_colors_info=\u00bb{}\u00bb]<\/p>\n<h1>Parc NATURAL del montgr\u00ed, les illes Medes i el Baix Ter<\/h1>\n<p>[\/et_pb_text][et_pb_divider color=\u00bb#E09900&#8243; divider_position=\u00bbcenter\u00bb divider_weight=\u00bb3px\u00bb disabled_on=\u00bbon|on|off%22&#8243; _builder_version=\u00bb4.22.1&#8243; max_width=\u00bb150px\u00bb height=\u00bbfalse\u00bb custom_margin=\u00bb30px|||\u00bb animation_style=\u00bbslide\u00bb animation_direction=\u00bbtop\u00bb animation_delay=\u00bb100ms\u00bb animation_intensity_slide=\u00bb10%\u00bb locked=\u00bboff\u00bb global_colors_info=\u00bb{}\u00bb][\/et_pb_divider][et_pb_text admin_label=\u00bbHero Sub Title\u00bb _builder_version=\u00bb4.22.1&#8243; text_font=\u00bbRoboto||||\u00bb text_font_size=\u00bb24px\u00bb text_line_height=\u00bb1.4em\u00bb background_size=\u00bbinitial\u00bb background_position=\u00bbtop_left\u00bb background_repeat=\u00bbrepeat\u00bb background_layout=\u00bbdark\u00bb max_width=\u00bb450px\u00bb custom_padding=\u00bb30px|||\u00bb animation_style=\u00bbslide\u00bb animation_direction=\u00bbtop\u00bb animation_delay=\u00bb200ms\u00bb animation_intensity_slide=\u00bb10%\u00bb locked=\u00bboff\u00bb global_colors_info=\u00bb{}\u00bb]<\/p>\n<p style=\"text-align: justify;\"><span>El Projecte S\u00e8pia va\u00a0<\/span><span>n\u00e9ixer<\/span><span>\u00a0al\u00a0<\/span><span class=\"hiddenGrammarError\" onkeypress=\"CA_CHECKCASE---#---0---#---Maj\u00fascules i min\u00fascules recomanades.---#---parc natural---#---Parc Natural---#---El Projecte S\u00e8pia va neixer al Parc Natural del Montgr\u00ed, les illes Medes i el Baix Ter.---#---32\">Parc Natural<\/span><span> del Montgr\u00ed, les illes Medes i el Baix Ter, un parc on podr\u00e0s gaudir de gairab\u00e9 tots els paisatges del Mediterrani i un espai \u00fanic, com la Reserva Marina de les illes Medes.<\/span><\/p>\n<p style=\"text-align: justify;\"><span><\/span><\/p>\n<p>[\/et_pb_text][\/et_pb_column][\/et_pb_row][\/et_pb_section][et_pb_section fb_built=\u00bb1&#8243; _builder_version=\u00bb4.16&#8243; custom_padding=\u00bb110px||110px|\u00bb global_colors_info=\u00bb{}\u00bb][et_pb_row column_structure=\u00bb1_2,1_2&#8243; _builder_version=\u00bb4.16&#8243; global_colors_info=\u00bb{}\u00bb][et_pb_column type=\u00bb1_2&#8243; _builder_version=\u00bb4.16&#8243; custom_padding=\u00bb|||\u00bb global_colors_info=\u00bb{}\u00bb custom_padding__hover=\u00bb|||\u00bb][et_pb_text admin_label=\u00bbTitle\u00bb _builder_version=\u00bb4.16&#8243; text_font=\u00bb||||\u00bb text_text_color=\u00bb#1a1a1a\u00bb header_font=\u00bbOswald|on||on|\u00bb header_text_align=\u00bbleft\u00bb header_font_size=\u00bb60px\u00bb header_line_height=\u00bb1.3em\u00bb max_width=\u00bb450px\u00bb custom_margin=\u00bb|||\u00bb custom_padding=\u00bb|||\u00bb animation_style=\u00bbslide\u00bb animation_direction=\u00bbtop\u00bb animation_intensity_slide=\u00bb10%\u00bb locked=\u00bboff\u00bb global_colors_info=\u00bb{}\u00bb]<\/p>\n<h1>Un Parc amb tots els paisatges del mediterrani<\/h1>\n<p>[\/et_pb_text][et_pb_divider color=\u00bb#E09900&#8243; divider_position=\u00bbcenter\u00bb divider_weight=\u00bb3px\u00bb disabled_on=\u00bbon|on|off%22&#8243; _builder_version=\u00bb4.22.1&#8243; max_width=\u00bb150px\u00bb height=\u00bbfalse\u00bb custom_margin=\u00bb30px|||\u00bb animation_style=\u00bbslide\u00bb animation_direction=\u00bbtop\u00bb animation_delay=\u00bb100ms\u00bb animation_intensity_slide=\u00bb10%\u00bb locked=\u00bboff\u00bb global_colors_info=\u00bb{}\u00bb][\/et_pb_divider][et_pb_text admin_label=\u00bbSub Title\u00bb _builder_version=\u00bb4.22.1&#8243; text_font=\u00bbRoboto||||\u00bb text_text_color=\u00bb#1a1a1a\u00bb text_font_size=\u00bb24px\u00bb text_line_height=\u00bb1.4em\u00bb background_size=\u00bbinitial\u00bb background_position=\u00bbtop_left\u00bb background_repeat=\u00bbrepeat\u00bb max_width=\u00bb450px\u00bb custom_padding=\u00bb0px|||||\u00bb animation_style=\u00bbslide\u00bb animation_direction=\u00bbtop\u00bb animation_delay=\u00bb200ms\u00bb animation_intensity_slide=\u00bb10%\u00bb locked=\u00bboff\u00bb global_colors_info=\u00bb{}\u00bb]<\/p>\n<p style=\"text-align: justify;\"><span class=\"OYPEnA text-decoration-none text-strikethrough-none\">Est\u00e0 situat a cavall de l&#8217;Alt Empord\u00e0 i el Baix Empord\u00e0, al nord-est de Catalunya, a uns 50 quil\u00f2metres de la frontera francesa i al bell mig de la Costa Brava.<\/span><\/p>\n<p>[\/et_pb_text][et_pb_text _builder_version=\u00bb4.22.1&#8243; text_font=\u00bbRoboto||||\u00bb text_font_size=\u00bb16px\u00bb text_line_height=\u00bb1.9em\u00bb background_size=\u00bbinitial\u00bb background_position=\u00bbtop_left\u00bb background_repeat=\u00bbrepeat\u00bb max_width=\u00bb450px\u00bb custom_margin=\u00bb26px|||||\u00bb custom_padding=\u00bb||5px|||\u00bb animation_style=\u00bbslide\u00bb animation_direction=\u00bbtop\u00bb animation_delay=\u00bb400ms\u00bb animation_intensity_slide=\u00bb4%\u00bb locked=\u00bboff\u00bb global_colors_info=\u00bb{}\u00bb]<\/p>\n<p style=\"text-align: justify;\"><span class=\"OYPEnA text-decoration-none text-strikethrough-none\">EL Parc Natural del Montgr\u00ed, les illes Medes i el Baix Ter \u00e9s un parc \u00fanic per la seva diversitat ecol\u00f2gica i de paisatges. Un Parc que recull tota l\u2019ess\u00e8ncia del Mediterrani catal\u00e0: el mar, els seus paisatges, la cultura, la gent, la gastronomia. Un ecosistema fr\u00e0gil que cal cuidar, protegir i conservar.<\/span><\/p>\n<p>[\/et_pb_text][et_pb_button button_url=\u00bbhttps:\/\/parcsnaturals.gencat.cat\/web\/.content\/Xarxa-de-parcs\/montgri-illes-medes-baix-ter\/gaudeix-parc\/guia-visita\/CATALEG_CAT-PDF-TOTAL.pdf\u00bb url_new_window=\u00bbon\u00bb button_text=\u00bbGuia del Parc Natural\u00bb button_alignment=\u00bbcenter\u00bb _builder_version=\u00bb4.22.1&#8243; _module_preset=\u00bbdefault\u00bb custom_button=\u00bbon\u00bb button_text_color=\u00bb#E09900&#8243; global_colors_info=\u00bb{}\u00bb][\/et_pb_button][\/et_pb_column][et_pb_column type=\u00bb1_2&#8243; _builder_version=\u00bb4.16&#8243; custom_padding=\u00bb|||\u00bb global_colors_info=\u00bb{}\u00bb custom_padding__hover=\u00bb|||\u00bb][et_pb_image src=\u00bbhttp:\/\/www.projectesepia.com\/blog\/wp-content\/uploads\/2023\/08\/entorn-2.png\u00bb title_text=\u00bbentorn 2&#8243; force_fullwidth=\u00bbon\u00bb align_tablet=\u00bbcenter\u00bb align_phone=\u00bbcenter\u00bb align_last_edited=\u00bbon|desktop\u00bb _builder_version=\u00bb4.22.1&#8243; custom_margin=\u00bb|||\u00bb animation_style=\u00bbslide\u00bb animation_direction=\u00bb%22fade_in%22&#8243; animation_duration=\u00bb500ms\u00bb animation_intensity_slide=\u00bb10%\u00bb animation=\u00bbfade_in\u00bb global_colors_info=\u00bb{}\u00bb][\/et_pb_image][et_pb_button button_url=\u00bbhttps:\/\/parcsnaturals.gencat.cat\/web\/.content\/Xarxa-de-parcs\/montgri-illes-medes-baix-ter\/gaudeix-parc\/consells\/normes\/activitats-ca.pdf\u00bb url_new_window=\u00bbon\u00bb button_text=\u00bbActivitats Marines al Parc Natural\u00bb button_alignment=\u00bbcenter\u00bb _builder_version=\u00bb4.22.1&#8243; _module_preset=\u00bbdefault\u00bb custom_button=\u00bbon\u00bb button_text_color=\u00bb#E09900&#8243; global_colors_info=\u00bb{}\u00bb][\/et_pb_button][\/et_pb_column][\/et_pb_row][\/et_pb_section][et_pb_section fb_built=\u00bb1&#8243; admin_label=\u00bbLook Inside Section\u00bb _builder_version=\u00bb4.22.1&#8243; background_image=\u00bbhttp:\/\/www.projectesepia.com\/blog\/wp-content\/uploads\/2023\/08\/corriol-scaled-e1693462200278.jpg\u00bb parallax=\u00bbon\u00bb custom_padding=\u00bb0px||0px|\u00bb global_colors_info=\u00bb{}\u00bb][et_pb_row column_structure=\u00bb1_2,1_2&#8243; use_custom_gutter=\u00bbon\u00bb gutter_width=\u00bb1&#8243; make_equal=\u00bbon\u00bb module_class=\u00bb et_pb_row_fullwidth\u00bb _builder_version=\u00bb4.22.1&#8243; width=\u00bb100%\u00bb width_tablet=\u00bb100%\u00bb width_phone=\u00bb100%\u00bb width_last_edited=\u00bbon|desktop\u00bb max_width=\u00bb100%\u00bb max_width_tablet=\u00bb100%\u00bb max_width_phone=\u00bb100%\u00bb max_width_last_edited=\u00bbon|desktop\u00bb custom_margin=\u00bb|auto|40px|auto||\u00bb custom_padding=\u00bb0px|214px|0px|||\u00bb make_fullwidth=\u00bbon\u00bb global_colors_info=\u00bb{}\u00bb][et_pb_column type=\u00bb1_2&#8243; _builder_version=\u00bb4.22.1&#8243; use_background_color_gradient=\u00bbon\u00bb background_color_gradient_stops=\u00bb#ffffff 0%|rgba(255,255,255,0.85) 50%\u00bb background_color_gradient_start=\u00bb#ffffff\u00bb background_color_gradient_end=\u00bbrgba(255,255,255,0.85)\u00bb background_color_gradient_end_position=\u00bb50%\u00bb parallax=\u00bbon\u00bb custom_padding=\u00bb8%|6%|6%|6%\u00bb global_colors_info=\u00bb{}\u00bb custom_padding__hover=\u00bb|||\u00bb][et_pb_text admin_label=\u00bbLook Inside Title\u00bb _builder_version=\u00bb4.16&#8243; text_font=\u00bb||||\u00bb text_text_color=\u00bb#1a1a1a\u00bb header_font=\u00bbOswald|on||on|\u00bb header_text_align=\u00bbright\u00bb header_font_size=\u00bb60px\u00bb header_line_height=\u00bb1.3em\u00bb max_width=\u00bb450px\u00bb module_alignment=\u00bbright\u00bb custom_margin=\u00bb|||\u00bb custom_padding=\u00bb|||\u00bb animation_style=\u00bbslide\u00bb animation_direction=\u00bbtop\u00bb animation_intensity_slide=\u00bb10%\u00bb locked=\u00bboff\u00bb global_colors_info=\u00bb{}\u00bb]<\/p>\n<h1>biodiversitat<\/h1>\n<p>[\/et_pb_text][et_pb_image align_tablet=\u00bbcenter\u00bb align_phone=\u00bbcenter\u00bb align_last_edited=\u00bbon|desktop\u00bb _builder_version=\u00bb4.16&#8243; animation_style=\u00bbslide\u00bb animation_direction=\u00bbleft\u00bb animation_duration=\u00bb500ms\u00bb animation_intensity_slide=\u00bb10%\u00bb global_colors_info=\u00bb{}\u00bb][\/et_pb_image][et_pb_divider color=\u00bb#E09900&#8243; divider_position=\u00bbcenter\u00bb divider_weight=\u00bb3px\u00bb disabled_on=\u00bbon|on|off%22&#8243; _builder_version=\u00bb4.22.1&#8243; max_width=\u00bb150px\u00bb module_alignment=\u00bbright\u00bb height=\u00bbfalse\u00bb custom_margin=\u00bb30px|||\u00bb animation_style=\u00bbslide\u00bb animation_direction=\u00bbtop\u00bb animation_delay=\u00bb100ms\u00bb animation_intensity_slide=\u00bb10%\u00bb locked=\u00bboff\u00bb global_colors_info=\u00bb{}\u00bb][\/et_pb_divider][et_pb_text admin_label=\u00bbLook Inside Sub Title\u00bb _builder_version=\u00bb4.16&#8243; text_font=\u00bbRoboto||||\u00bb text_text_color=\u00bb#1a1a1a\u00bb text_font_size=\u00bb24px\u00bb text_line_height=\u00bb1.4em\u00bb background_size=\u00bbinitial\u00bb background_position=\u00bbtop_left\u00bb background_repeat=\u00bbrepeat\u00bb text_orientation=\u00bbright\u00bb max_width=\u00bb450px\u00bb module_alignment=\u00bbright\u00bb custom_padding=\u00bb30px|||\u00bb animation_style=\u00bbslide\u00bb animation_direction=\u00bbtop\u00bb animation_delay=\u00bb200ms\u00bb animation_intensity_slide=\u00bb10%\u00bb locked=\u00bboff\u00bb global_colors_info=\u00bb{}\u00bb]<\/p>\n<p>La gran varietat d&#8217;h\u00e0bitats del parc ens permet gaudir de multitud d&#8217;esp\u00e8cies, algunes d&#8217;elles amena\u00e7ades, com el corriol camanegre, que cria a les dunes litorals del Parc<\/p>\n<p>[\/et_pb_text][\/et_pb_column][et_pb_column type=\u00bb1_2&#8243; _builder_version=\u00bb4.16&#8243; background_color_gradient_start=\u00bb#ffffff\u00bb background_color_gradient_end=\u00bbrgba(255,255,255,0.87)\u00bb custom_padding=\u00bb|||\u00bb global_colors_info=\u00bb{}\u00bb custom_padding__hover=\u00bb|||\u00bb][\/et_pb_column][\/et_pb_row][\/et_pb_section][et_pb_section fb_built=\u00bb1&#8243; admin_label=\u00bbLook Inside Section\u00bb _builder_version=\u00bb4.22.1&#8243; background_image=\u00bbhttp:\/\/www.projectesepia.com\/blog\/wp-content\/uploads\/2023\/08\/lapletera-e1693471719635.png\u00bb parallax=\u00bbon\u00bb max_width=\u00bb99%\u00bb min_height=\u00bb691px\u00bb height=\u00bb691px\u00bb max_height=\u00bb698px\u00bb custom_padding=\u00bb0px||0px|0px||\u00bb global_colors_info=\u00bb{}\u00bb][et_pb_row column_structure=\u00bb1_2,1_2&#8243; use_custom_gutter=\u00bbon\u00bb gutter_width=\u00bb1&#8243; make_equal=\u00bbon\u00bb module_class=\u00bb et_pb_row_fullwidth\u00bb _builder_version=\u00bb4.22.1&#8243; width=\u00bb100%\u00bb width_tablet=\u00bb100%\u00bb width_phone=\u00bb100%\u00bb width_last_edited=\u00bbon|desktop\u00bb max_width=\u00bb100%\u00bb max_width_tablet=\u00bb100%\u00bb max_width_phone=\u00bb100%\u00bb max_width_last_edited=\u00bbon|desktop\u00bb min_height=\u00bb387.6px\u00bb custom_margin=\u00bb|auto|45px|auto||\u00bb custom_padding=\u00bb0px||0px|0px||\u00bb make_fullwidth=\u00bbon\u00bb global_colors_info=\u00bb{}\u00bb][et_pb_column type=\u00bb1_2&#8243; _builder_version=\u00bb4.22.1&#8243; custom_padding=\u00bb8%|6%|6%|6%\u00bb global_colors_info=\u00bb{}\u00bb custom_padding__hover=\u00bb|||\u00bb][et_pb_image align_tablet=\u00bbcenter\u00bb align_phone=\u00bbcenter\u00bb align_last_edited=\u00bbon|desktop\u00bb _builder_version=\u00bb4.22.1&#8243; background_color=\u00bbRGBA(255,255,255,0)\u00bb animation_style=\u00bbslide\u00bb animation_direction=\u00bbleft\u00bb animation_duration=\u00bb500ms\u00bb animation_intensity_slide=\u00bb10%\u00bb global_colors_info=\u00bb{}\u00bb][\/et_pb_image][\/et_pb_column][et_pb_column type=\u00bb1_2&#8243; _builder_version=\u00bb4.22.1&#8243; use_background_color_gradient=\u00bbon\u00bb background_color_gradient_stops=\u00bb#ffffff 0%|rgba(255,255,255,0.85) 50%\u00bb background_color_gradient_start=\u00bb#ffffff\u00bb background_color_gradient_end=\u00bbrgba(255,255,255,0.85)\u00bb background_color_gradient_end_position=\u00bb50%\u00bb custom_padding=\u00bb|||\u00bb global_colors_info=\u00bb{}\u00bb custom_padding__hover=\u00bb|||\u00bb][et_pb_text admin_label=\u00bbLook Inside Title\u00bb _builder_version=\u00bb4.22.1&#8243; text_font=\u00bb||||\u00bb text_text_color=\u00bb#1a1a1a\u00bb header_font=\u00bbOswald|on||on|\u00bb header_text_align=\u00bbright\u00bb header_font_size=\u00bb60px\u00bb header_line_height=\u00bb1.3em\u00bb max_width=\u00bb599px\u00bb module_alignment=\u00bbright\u00bb min_height=\u00bb271px\u00bb custom_margin=\u00bb27px||-159px|440px||\u00bb custom_padding=\u00bb||3px|1px||\u00bb animation_style=\u00bbslide\u00bb animation_direction=\u00bbtop\u00bb animation_intensity_slide=\u00bb10%\u00bb locked=\u00bboff\u00bb global_colors_info=\u00bb{}\u00bb]<\/p>\n<h1>fragilitat<\/h1>\n<p>[\/et_pb_text][et_pb_divider color=\u00bb#E09900&#8243; divider_position=\u00bbcenter\u00bb divider_weight=\u00bb3px\u00bb disabled_on=\u00bbon|on|off%22&#8243; _builder_version=\u00bb4.22.1&#8243; background_color=\u00bbrgba(255,255,255,0.44)\u00bb max_width=\u00bb150px\u00bb module_alignment=\u00bbright\u00bb height=\u00bbfalse\u00bb custom_margin=\u00bb30px|||\u00bb animation_style=\u00bbslide\u00bb animation_direction=\u00bbtop\u00bb animation_delay=\u00bb100ms\u00bb animation_intensity_slide=\u00bb10%\u00bb locked=\u00bboff\u00bb global_colors_info=\u00bb{}\u00bb][\/et_pb_divider][et_pb_text admin_label=\u00bbLook Inside Sub Title\u00bb _builder_version=\u00bb4.22.1&#8243; text_font=\u00bbRoboto||||\u00bb text_text_color=\u00bb#1a1a1a\u00bb text_font_size=\u00bb24px\u00bb text_line_height=\u00bb1.4em\u00bb text_orientation=\u00bbright\u00bb max_width=\u00bb594px\u00bb module_alignment=\u00bbright\u00bb min_height=\u00bb155.6px\u00bb custom_margin=\u00bb|||491px||\u00bb custom_padding=\u00bb30px||212px|||\u00bb animation_style=\u00bbslide\u00bb animation_direction=\u00bbtop\u00bb animation_delay=\u00bb200ms\u00bb animation_intensity_slide=\u00bb10%\u00bb locked=\u00bboff\u00bb global_colors_info=\u00bb{}\u00bb]<\/p>\n<p style=\"text-align: right;\">L&#8217;acci\u00f3 de l&#8217;home i els impactes del canvi clim\u00e0tic constitueixen una amena\u00e7a per aquesta varietat d&#8217;h\u00e0bitats i esp\u00e8cies.<\/p>\n<p style=\"text-align: right;\">L&#8217;aposta del territori per canviar el model tur\u00edstic es veu reflectida en projectes com La Pletera, una espai guanyat per la natura o en el nombre d&#8217;empreses que aposten per un turisme m\u00e9s respectu\u00f3s.<\/p>\n<p>[\/et_pb_text][\/et_pb_column][\/et_pb_row][\/et_pb_section][et_pb_section fb_built=\u00bb1&#8243; _builder_version=\u00bb4.16&#8243; parallax=\u00bbon\u00bb custom_padding=\u00bb110px||101px|||\u00bb global_colors_info=\u00bb{}\u00bb][et_pb_row _builder_version=\u00bb4.16&#8243; locked=\u00bboff\u00bb global_colors_info=\u00bb{}\u00bb][et_pb_column type=\u00bb4_4&#8243; _builder_version=\u00bb4.16&#8243; custom_padding=\u00bb|||\u00bb global_colors_info=\u00bb{}\u00bb custom_padding__hover=\u00bb|||\u00bb][et_pb_text admin_label=\u00bbTitle\u00bb _builder_version=\u00bb4.16&#8243; text_font=\u00bb||||\u00bb text_text_color=\u00bb#1a1a1a\u00bb header_font=\u00bbOswald|on||on|\u00bb header_text_align=\u00bbcenter\u00bb header_font_size=\u00bb60px\u00bb header_line_height=\u00bb1.3em\u00bb module_alignment=\u00bbcenter\u00bb custom_margin=\u00bb||17px|||\u00bb custom_padding=\u00bb|||\u00bb animation_style=\u00bbslide\u00bb animation_direction=\u00bbtop\u00bb animation_intensity_slide=\u00bb10%\u00bb locked=\u00bboff\u00bb global_colors_info=\u00bb{}\u00bb]<\/p>\n<h1>ecoturisme al parc<\/h1>\n<p>[\/et_pb_text][et_pb_divider color=\u00bb#E09900&#8243; divider_position=\u00bbcenter\u00bb divider_weight=\u00bb3px\u00bb disabled_on=\u00bbon|on|off%22&#8243; _builder_version=\u00bb4.22.1&#8243; max_width=\u00bb150px\u00bb module_alignment=\u00bbcenter\u00bb height=\u00bbfalse\u00bb custom_margin=\u00bb2px||5px|||\u00bb animation_style=\u00bbslide\u00bb animation_direction=\u00bbtop\u00bb animation_delay=\u00bb100ms\u00bb animation_intensity_slide=\u00bb10%\u00bb locked=\u00bboff\u00bb global_colors_info=\u00bb{}\u00bb][\/et_pb_divider][et_pb_text admin_label=\u00bbSub Title\u00bb _builder_version=\u00bb4.16&#8243; text_font=\u00bbRoboto||||\u00bb text_text_color=\u00bb#1a1a1a\u00bb text_font_size=\u00bb24px\u00bb text_line_height=\u00bb1.4em\u00bb background_size=\u00bbinitial\u00bb background_position=\u00bbtop_left\u00bb background_repeat=\u00bbrepeat\u00bb text_orientation=\u00bbcenter\u00bb max_width=\u00bb800px\u00bb module_alignment=\u00bbcenter\u00bb custom_margin=\u00bb|||\u00bb custom_padding=\u00bb30px|||\u00bb animation_style=\u00bbslide\u00bb animation_direction=\u00bbtop\u00bb animation_delay=\u00bb200ms\u00bb animation_intensity_slide=\u00bb10%\u00bb locked=\u00bboff\u00bb global_colors_info=\u00bb{}\u00bb]<\/p>\n<p>El Parc Natural treballa sota els principis de la Carta Europea de Turisme Sostenible (CETS), <span class=\"OYPEnA text-decoration-none text-strikethrough-none\">una eina de gesti\u00f3 per fer compatible el turisme amb la conservaci\u00f3 alhora que es posa en valor i es facilita el gaudi de tots aquells elements que fan \u00fanic i diferent el nostre Parc.<\/span><\/p>\n<p>[\/et_pb_text][\/et_pb_column][\/et_pb_row][et_pb_row _builder_version=\u00bb4.22.1&#8243; background_size=\u00bbinitial\u00bb background_position=\u00bbtop_left\u00bb background_repeat=\u00bbrepeat\u00bb max_width=\u00bb1280px\u00bb use_custom_width=\u00bbon\u00bb custom_width_px=\u00bb1280px\u00bb global_colors_info=\u00bb{}\u00bb][et_pb_column type=\u00bb4_4&#8243; _builder_version=\u00bb4.16&#8243; custom_padding=\u00bb|||\u00bb global_colors_info=\u00bb{}\u00bb custom_padding__hover=\u00bb|||\u00bb][et_pb_video src=\u00bbhttps:\/\/youtu.be\/K6aBG2PreD4?si=dlijrVTi3PVc4g2L\u00bb image_src=\u00bb\/\/i.ytimg.com\/vi\/K6aBG2PreD4\/hqdefault.jpg\u00bb play_icon_color=\u00bb#ffffff\u00bb _builder_version=\u00bb4.22.1&#8243; animation_style=\u00bbzoom\u00bb animation_direction=\u00bbbottom\u00bb animation_intensity_zoom=\u00bb6%\u00bb global_colors_info=\u00bb{}\u00bb][\/et_pb_video][\/et_pb_column][\/et_pb_row][\/et_pb_section][et_pb_section fb_built=\u00bb1&#8243; custom_padding_last_edited=\u00bbon|tablet\u00bb _builder_version=\u00bb4.16&#8243; custom_padding=\u00bb4px||180px|||\u00bb custom_padding_tablet=\u00bb80px||80px|\u00bb custom_padding_phone=\u00bb\u00bb global_colors_info=\u00bb{}\u00bb][et_pb_row _builder_version=\u00bb4.16&#8243; locked=\u00bboff\u00bb global_colors_info=\u00bb{}\u00bb][et_pb_column type=\u00bb4_4&#8243; _builder_version=\u00bb4.16&#8243; custom_padding=\u00bb|||\u00bb global_colors_info=\u00bb{}\u00bb custom_padding__hover=\u00bb|||\u00bb][et_pb_text admin_label=\u00bbMore Places Title\u00bb _builder_version=\u00bb4.16&#8243; text_font=\u00bb||||\u00bb header_font=\u00bbOswald|on||on|\u00bb header_font_size=\u00bb60px\u00bb header_line_height=\u00bb1.3em\u00bb background_size=\u00bbinitial\u00bb background_position=\u00bbtop_left\u00bb background_repeat=\u00bbrepeat\u00bb text_orientation=\u00bbcenter\u00bb custom_margin=\u00bb|||\u00bb custom_padding=\u00bb|||\u00bb animation_style=\u00bbslide\u00bb animation_direction=\u00bbtop\u00bb animation_intensity_slide=\u00bb10%\u00bb global_colors_info=\u00bb{}\u00bb]<\/p>\n<blockquote>\n<h1>gaudeix el parc!<\/h1>\n<\/blockquote>\n<p>[\/et_pb_text][et_pb_divider color=\u00bb#E09900&#8243; divider_position=\u00bbcenter\u00bb divider_weight=\u00bb3px\u00bb disabled_on=\u00bbon|on|off%22&#8243; _builder_version=\u00bb4.22.1&#8243; max_width=\u00bb150px\u00bb module_alignment=\u00bbcenter\u00bb height=\u00bbfalse\u00bb custom_margin=\u00bb30px|||\u00bb animation_style=\u00bbslide\u00bb animation_direction=\u00bbtop\u00bb animation_delay=\u00bb100ms\u00bb animation_intensity_slide=\u00bb10%\u00bb locked=\u00bboff\u00bb global_colors_info=\u00bb{}\u00bb][\/et_pb_divider][\/et_pb_column][\/et_pb_row][et_pb_row column_structure=\u00bb1_3,1_3,1_3&#8243; _builder_version=\u00bb4.16&#8243; custom_padding=\u00bb70px|||\u00bb locked=\u00bboff\u00bb global_colors_info=\u00bb{}\u00bb][et_pb_column type=\u00bb1_3&#8243; _builder_version=\u00bb4.16&#8243; custom_padding=\u00bb|||\u00bb global_colors_info=\u00bb{}\u00bb custom_padding__hover=\u00bb|||\u00bb][et_pb_blurb title=\u00bbRutes pel Parc Natural\u00bb use_icon=\u00bbon\u00bb font_icon=\u00bb&#xe01f;||divi||400&#8243; icon_color=\u00bb#E09900&#8243; image_icon_width=\u00bb60px\u00bb _builder_version=\u00bb4.22.1&#8243; header_font=\u00bbOswald|on||on|\u00bb header_font_size=\u00bb24px\u00bb body_font=\u00bbRoboto||||\u00bb body_font_size=\u00bb16px\u00bb body_line_height=\u00bb1.8em\u00bb text_orientation=\u00bbcenter\u00bb icon_font_size=\u00bb60px\u00bb global_colors_info=\u00bb{}\u00bb]<\/p>\n<p><span>El Parc Natural ofereix als visitants itineraris per descobrir la riquesa de paisatges del territori. Segueix els camins de mar, els camins del Montgr\u00ed i els camins de la plana i gaudir\u00e0s del ric patrimoni del Parc.<\/span><\/p>\n<p>[\/et_pb_blurb][\/et_pb_column][et_pb_column type=\u00bb1_3&#8243; _builder_version=\u00bb4.16&#8243; custom_padding=\u00bb|||\u00bb global_colors_info=\u00bb{}\u00bb custom_padding__hover=\u00bb|||\u00bb][et_pb_blurb title=\u00bbEmpreses sostenibles\u00bb url=\u00bbhttps:\/\/parcsnaturals.gencat.cat\/web\/.content\/Xarxa-de-parcs\/montgri-illes-medes-baix-ter\/viure-hi\/turisme-sostenible\/empreses-sostenibles-parc.pdf\u00bb url_new_window=\u00bbon\u00bb use_icon=\u00bbon\u00bb font_icon=\u00bb&#xf06c;||fa||900&#8243; icon_color=\u00bb#E09900&#8243; image_icon_width=\u00bb60px\u00bb _builder_version=\u00bb4.22.1&#8243; header_font=\u00bbOswald|on||on|\u00bb header_font_size=\u00bb24px\u00bb body_font=\u00bbRoboto||||\u00bb body_font_size=\u00bb16px\u00bb body_line_height=\u00bb1.8em\u00bb text_orientation=\u00bbcenter\u00bb icon_font_size=\u00bb60px\u00bb global_colors_info=\u00bb{}\u00bb]<\/p>\n<p>Restaurants, hotels i cases rurals, empreses de submarinisme, caiac, bicicletes&#8230; que cuiden el parc.<\/p>\n<p>[\/et_pb_blurb][\/et_pb_column][et_pb_column type=\u00bb1_3&#8243; _builder_version=\u00bb4.16&#8243; custom_padding=\u00bb|||\u00bb global_colors_info=\u00bb{}\u00bb custom_padding__hover=\u00bb|||\u00bb][et_pb_blurb title=\u00bbAgenda d&#8217;activitats del parc\u00bb url=\u00bbhttps:\/\/parcsnaturals.gencat.cat\/ca\/xarxa-de-parcs\/illes-medes\/gaudeix-del-parc\/agenda-activitats\/\u00bb url_new_window=\u00bbon\u00bb use_icon=\u00bbon\u00bb font_icon=\u00bb&#xf6ec;||fa||900&#8243; icon_color=\u00bb#E09900&#8243; image_icon_width=\u00bb60px\u00bb _builder_version=\u00bb4.22.1&#8243; header_font=\u00bbOswald|on||on|\u00bb header_font_size=\u00bb24px\u00bb body_font=\u00bbRoboto||||\u00bb body_font_size=\u00bb16px\u00bb body_line_height=\u00bb1.8em\u00bb text_orientation=\u00bbcenter\u00bb icon_font_size=\u00bb60px\u00bb global_colors_info=\u00bb{}\u00bb]<\/p>\n<p>El parc natural ofereix visites guiades, tallers i jornades per divulgar els valors i les tasques de gesti\u00f3 desenvolupades en favor de la conservaci\u00f3 del territori protegit.<\/p>\n<p>[\/et_pb_blurb][\/et_pb_column][\/et_pb_row][\/et_pb_section][et_pb_section fb_built=\u00bb1&#8243; admin_label=\u00bbGallery\u00bb _builder_version=\u00bb4.16&#8243; custom_padding=\u00bb0px||0px|\u00bb global_colors_info=\u00bb{}\u00bb][et_pb_row column_structure=\u00bb1_4,1_4,1_4,1_4&#8243; use_custom_gutter=\u00bbon\u00bb gutter_width=\u00bb1&#8243; make_equal=\u00bbon\u00bb admin_label=\u00bbImage Grid\u00bb module_class=\u00bb et_pb_row_fullwidth\u00bb _builder_version=\u00bb4.22.1&#8243; background_size=\u00bbinitial\u00bb background_position=\u00bbtop_left\u00bb background_repeat=\u00bbrepeat\u00bb width=\u00bb100%\u00bb width_tablet=\u00bb100%\u00bb width_phone=\u00bb100%\u00bb width_last_edited=\u00bbon|desktop\u00bb max_width=\u00bb100%\u00bb max_width_tablet=\u00bb100%\u00bb max_width_phone=\u00bb100%\u00bb max_width_last_edited=\u00bbon|desktop\u00bb custom_padding=\u00bb0px|0px|0px|0px\u00bb hover_enabled=\u00bb0&#8243; make_fullwidth=\u00bbon\u00bb global_colors_info=\u00bb{}\u00bb sticky_enabled=\u00bb0&#8243;][et_pb_column type=\u00bb1_4&#8243; _builder_version=\u00bb4.22.1&#8243; custom_padding=\u00bb|||\u00bb hover_enabled=\u00bb0&#8243; global_colors_info=\u00bb{}\u00bb custom_padding__hover=\u00bb|||\u00bb sticky_enabled=\u00bb0&#8243;][et_pb_image src=\u00bbhttp:\/\/www.projectesepia.com\/blog\/wp-content\/uploads\/2023\/08\/posidonia-1.png\u00bb title_text=\u00bbposidonia\u00bb show_in_lightbox=\u00bbon\u00bb force_fullwidth=\u00bbon\u00bb align_tablet=\u00bbcenter\u00bb align_phone=\u00bbcenter\u00bb align_last_edited=\u00bbon|desktop\u00bb _builder_version=\u00bb4.22.1&#8243; animation_style=\u00bbzoom\u00bb animation_intensity_zoom=\u00bb10%\u00bb hover_enabled=\u00bb0&#8243; global_colors_info=\u00bb{}\u00bb sticky_enabled=\u00bb0&#8243;][\/et_pb_image][\/et_pb_column][et_pb_column type=\u00bb1_4&#8243; _builder_version=\u00bb4.22.1&#8243; custom_padding=\u00bb|||\u00bb hover_enabled=\u00bb0&#8243; global_colors_info=\u00bb{}\u00bb custom_padding__hover=\u00bb|||\u00bb sticky_enabled=\u00bb0&#8243;][et_pb_image src=\u00bbhttp:\/\/www.projectesepia.com\/blog\/wp-content\/uploads\/2023\/08\/18.png\u00bb title_text=\u00bb18&#8243; show_in_lightbox=\u00bbon\u00bb force_fullwidth=\u00bbon\u00bb align_tablet=\u00bbcenter\u00bb align_phone=\u00bbcenter\u00bb align_last_edited=\u00bbon|desktop\u00bb _builder_version=\u00bb4.22.1&#8243; animation_style=\u00bbzoom\u00bb animation_delay=\u00bb100ms\u00bb animation_intensity_zoom=\u00bb10%\u00bb locked=\u00bboff\u00bb global_colors_info=\u00bb{}\u00bb][\/et_pb_image][\/et_pb_column][et_pb_column type=\u00bb1_4&#8243; _builder_version=\u00bb4.16&#8243; custom_padding=\u00bb|||\u00bb global_colors_info=\u00bb{}\u00bb custom_padding__hover=\u00bb|||\u00bb][et_pb_image src=\u00bbhttp:\/\/www.projectesepia.com\/blog\/wp-content\/uploads\/2023\/08\/21.png\u00bb title_text=\u00bb21&#8243; show_in_lightbox=\u00bbon\u00bb force_fullwidth=\u00bbon\u00bb align_tablet=\u00bbcenter\u00bb align_phone=\u00bbcenter\u00bb align_last_edited=\u00bbon|desktop\u00bb _builder_version=\u00bb4.22.1&#8243; animation_style=\u00bbzoom\u00bb animation_delay=\u00bb200ms\u00bb animation_intensity_zoom=\u00bb10%\u00bb hover_enabled=\u00bb0&#8243; locked=\u00bboff\u00bb global_colors_info=\u00bb{}\u00bb sticky_enabled=\u00bb0&#8243;][\/et_pb_image][\/et_pb_column][et_pb_column type=\u00bb1_4&#8243; _builder_version=\u00bb4.16&#8243; custom_padding=\u00bb|||\u00bb global_colors_info=\u00bb{}\u00bb custom_padding__hover=\u00bb|||\u00bb][et_pb_image src=\u00bbhttp:\/\/www.projectesepia.com\/blog\/wp-content\/uploads\/2023\/08\/16-1.png\u00bb title_text=\u00bb16&#8243; show_in_lightbox=\u00bbon\u00bb force_fullwidth=\u00bbon\u00bb align_tablet=\u00bbcenter\u00bb align_phone=\u00bbcenter\u00bb align_last_edited=\u00bbon|desktop\u00bb _builder_version=\u00bb4.22.1&#8243; animation_style=\u00bbzoom\u00bb animation_delay=\u00bb300ms\u00bb animation_intensity_zoom=\u00bb10%\u00bb locked=\u00bboff\u00bb global_colors_info=\u00bb{}\u00bb][\/et_pb_image][\/et_pb_column][\/et_pb_row][et_pb_row column_structure=\u00bb1_4,1_4,1_4,1_4&#8243; use_custom_gutter=\u00bbon\u00bb gutter_width=\u00bb1&#8243; make_equal=\u00bbon\u00bb admin_label=\u00bbImage Grid\u00bb module_class=\u00bb et_pb_row_fullwidth\u00bb _builder_version=\u00bb4.16&#8243; background_size=\u00bbinitial\u00bb background_position=\u00bbtop_left\u00bb background_repeat=\u00bbrepeat\u00bb width=\u00bb100%\u00bb width_tablet=\u00bb100%\u00bb width_phone=\u00bb100%\u00bb width_last_edited=\u00bbon|desktop\u00bb max_width=\u00bb100%\u00bb max_width_tablet=\u00bb100%\u00bb max_width_phone=\u00bb100%\u00bb max_width_last_edited=\u00bbon|desktop\u00bb custom_padding=\u00bb0px|0px|0px|0px\u00bb make_fullwidth=\u00bbon\u00bb global_colors_info=\u00bb{}\u00bb][et_pb_column type=\u00bb1_4&#8243; _builder_version=\u00bb4.16&#8243; custom_padding=\u00bb|||\u00bb global_colors_info=\u00bb{}\u00bb custom_padding__hover=\u00bb|||\u00bb][et_pb_image src=\u00bbhttp:\/\/www.projectesepia.com\/blog\/wp-content\/uploads\/2023\/08\/Merops-apiaster.png\u00bb title_text=\u00bbMerops apiaster\u00bb show_in_lightbox=\u00bbon\u00bb force_fullwidth=\u00bbon\u00bb align_tablet=\u00bbcenter\u00bb align_phone=\u00bbcenter\u00bb align_last_edited=\u00bbon|desktop\u00bb _builder_version=\u00bb4.22.1&#8243; animation_style=\u00bbzoom\u00bb animation_intensity_zoom=\u00bb10%\u00bb global_colors_info=\u00bb{}\u00bb][\/et_pb_image][\/et_pb_column][et_pb_column type=\u00bb1_4&#8243; _builder_version=\u00bb4.16&#8243; custom_padding=\u00bb|||\u00bb global_colors_info=\u00bb{}\u00bb custom_padding__hover=\u00bb|||\u00bb][et_pb_image src=\u00bbhttp:\/\/www.projectesepia.com\/blog\/wp-content\/uploads\/2023\/08\/20.png\u00bb title_text=\u00bb20&#8243; show_in_lightbox=\u00bbon\u00bb force_fullwidth=\u00bbon\u00bb align_tablet=\u00bbcenter\u00bb align_phone=\u00bbcenter\u00bb align_last_edited=\u00bbon|desktop\u00bb _builder_version=\u00bb4.22.1&#8243; animation_style=\u00bbzoom\u00bb animation_delay=\u00bb100ms\u00bb animation_intensity_zoom=\u00bb10%\u00bb locked=\u00bboff\u00bb global_colors_info=\u00bb{}\u00bb][\/et_pb_image][\/et_pb_column][et_pb_column type=\u00bb1_4&#8243; _builder_version=\u00bb4.16&#8243; custom_padding=\u00bb|||\u00bb global_colors_info=\u00bb{}\u00bb custom_padding__hover=\u00bb|||\u00bb][et_pb_image src=\u00bbhttp:\/\/www.projectesepia.com\/blog\/wp-content\/uploads\/2023\/08\/17-1.png\u00bb title_text=\u00bb17&#8243; show_in_lightbox=\u00bbon\u00bb force_fullwidth=\u00bbon\u00bb align_tablet=\u00bbcenter\u00bb align_phone=\u00bbcenter\u00bb align_last_edited=\u00bbon|desktop\u00bb _builder_version=\u00bb4.22.1&#8243; animation_style=\u00bbzoom\u00bb animation_delay=\u00bb200ms\u00bb animation_intensity_zoom=\u00bb10%\u00bb locked=\u00bboff\u00bb global_colors_info=\u00bb{}\u00bb][\/et_pb_image][\/et_pb_column][et_pb_column type=\u00bb1_4&#8243; _builder_version=\u00bb4.16&#8243; custom_padding=\u00bb|||\u00bb global_colors_info=\u00bb{}\u00bb custom_padding__hover=\u00bb|||\u00bb][et_pb_image src=\u00bbhttp:\/\/www.projectesepia.com\/blog\/wp-content\/uploads\/2023\/08\/22-2.png\u00bb title_text=\u00bb22&#8243; show_in_lightbox=\u00bbon\u00bb force_fullwidth=\u00bbon\u00bb align_tablet=\u00bbcenter\u00bb align_phone=\u00bbcenter\u00bb align_last_edited=\u00bbon|desktop\u00bb _builder_version=\u00bb4.22.1&#8243; animation_style=\u00bbzoom\u00bb animation_delay=\u00bb300ms\u00bb animation_intensity_zoom=\u00bb10%\u00bb locked=\u00bboff\u00bb global_colors_info=\u00bb{}\u00bb][\/et_pb_image][\/et_pb_column][\/et_pb_row][\/et_pb_section][et_pb_section fb_built=\u00bb1&#8243; custom_padding_last_edited=\u00bbon|tablet\u00bb admin_label=\u00bbOffer\u00bb _builder_version=\u00bb4.22.1&#8243; background_color=\u00bbrgba(0,0,0,0.5)\u00bb background_image=\u00bbhttp:\/\/www.projectesepia.com\/blog\/wp-content\/uploads\/2023\/08\/foradada.png\u00bb background_blend=\u00bbcolor\u00bb custom_padding=\u00bb120px||120px|\u00bb custom_padding_tablet=\u00bb80px||80px|\u00bb custom_padding_phone=\u00bb\u00bb global_colors_info=\u00bb{}\u00bb][et_pb_row _builder_version=\u00bb4.16&#8243; custom_margin=\u00bb|||\u00bb global_colors_info=\u00bb{}\u00bb][et_pb_column type=\u00bb4_4&#8243; _builder_version=\u00bb4.16&#8243; custom_padding=\u00bb|||\u00bb global_colors_info=\u00bb{}\u00bb custom_padding__hover=\u00bb|||\u00bb][et_pb_text admin_label=\u00bbCTA Section Subtitle\u00bb _builder_version=\u00bb4.22.1&#8243; text_font=\u00bbRoboto|on||on|\u00bb text_font_size=\u00bb24px\u00bb text_letter_spacing=\u00bb4px\u00bb text_orientation=\u00bbcenter\u00bb background_layout=\u00bbdark\u00bb module_alignment=\u00bbcenter\u00bb animation_style=\u00bbzoom\u00bb animation_intensity_zoom=\u00bb20%\u00bb global_colors_info=\u00bb{}\u00bb]<\/p>\n<p><span class=\"OYPEnA text-decoration-none text-strikethrough-none\">Has visitat el Parc Natural?<\/span><\/p>\n<p>[\/et_pb_text][et_pb_text admin_label=\u00bbCTA Section Title\u00bb _builder_version=\u00bb4.16&#8243; text_font=\u00bb||||\u00bb header_font=\u00bbOswald|on||on|\u00bb header_text_align=\u00bbcenter\u00bb header_font_size=\u00bb60px\u00bb header_line_height=\u00bb1.3em\u00bb background_size=\u00bbinitial\u00bb background_position=\u00bbtop_left\u00bb background_repeat=\u00bbrepeat\u00bb background_layout=\u00bbdark\u00bb module_alignment=\u00bbcenter\u00bb custom_margin=\u00bb|||\u00bb custom_padding=\u00bb|||\u00bb animation_style=\u00bbzoom\u00bb animation_delay=\u00bb100ms\u00bb animation_intensity_zoom=\u00bb20%\u00bb locked=\u00bboff\u00bb global_colors_info=\u00bb{}\u00bb]<\/p>\n<h1>OPINA<\/h1>\n<p>[\/et_pb_text][et_pb_divider color=\u00bb#ffffff\u00bb divider_position=\u00bbcenter\u00bb divider_weight=\u00bb3px\u00bb disabled_on=\u00bbon|on|off%22&#8243; _builder_version=\u00bb4.16&#8243; max_width=\u00bb150px\u00bb module_alignment=\u00bbcenter\u00bb height=\u00bbfalse\u00bb animation_style=\u00bbzoom\u00bb animation_delay=\u00bb200ms\u00bb animation_intensity_zoom=\u00bb20%\u00bb locked=\u00bboff\u00bb global_colors_info=\u00bb{}\u00bb][\/et_pb_divider][et_pb_text _builder_version=\u00bb4.16&#8243; text_font=\u00bbRoboto||||\u00bb text_font_size=\u00bb24px\u00bb text_line_height=\u00bb1.4em\u00bb background_size=\u00bbinitial\u00bb background_position=\u00bbtop_left\u00bb background_repeat=\u00bbrepeat\u00bb text_orientation=\u00bbcenter\u00bb background_layout=\u00bbdark\u00bb max_width=\u00bb750px\u00bb module_alignment=\u00bbcenter\u00bb custom_padding=\u00bb30px||40px|\u00bb animation_style=\u00bbzoom\u00bb animation_delay=\u00bb300ms\u00bb animation_intensity_zoom=\u00bb20%\u00bb global_colors_info=\u00bb{}\u00bb]<\/p>\n<p><span class=\"OYPEnA text-decoration-none text-strikethrough-none\">Ajuda a millorar la gesti\u00f3 de l&#8217;espai.<\/span><\/p>\n<p>[\/et_pb_text][et_pb_button button_url=\u00bbhttps:\/\/www.surveymonkey.com\/r\/qr_code\/WPV6GKP\u00bb url_new_window=\u00bbon\u00bb button_text=\u00bbOpina!\u00bb button_alignment=\u00bbcenter\u00bb _builder_version=\u00bb4.22.1&#8243; custom_button=\u00bbon\u00bb button_text_color=\u00bb#ffffff\u00bb button_border_radius=\u00bb0px\u00bb button_letter_spacing=\u00bb4px\u00bb button_font=\u00bbOswald|on||on|\u00bb button_icon=\u00bb&#x24;||divi||400&#8243; button_icon_color=\u00bb#ffffff\u00bb background_layout=\u00bbdark\u00bb animation_style=\u00bbzoom\u00bb animation_delay=\u00bb400ms\u00bb animation_intensity_zoom=\u00bb20%\u00bb button_border_color_hover=\u00bb#ffffff\u00bb button_border_radius_hover=\u00bb0px\u00bb button_letter_spacing_hover=\u00bb4px\u00bb button_bg_color_hover=\u00bbrgba(0,0,0,0)\u00bb global_colors_info=\u00bb{}\u00bb button_text_size__hover_enabled=\u00bboff\u00bb button_one_text_size__hover_enabled=\u00bboff\u00bb button_two_text_size__hover_enabled=\u00bboff\u00bb button_text_color__hover_enabled=\u00bboff\u00bb button_one_text_color__hover_enabled=\u00bboff\u00bb button_two_text_color__hover_enabled=\u00bboff\u00bb button_border_width__hover_enabled=\u00bboff\u00bb button_one_border_width__hover_enabled=\u00bboff\u00bb button_two_border_width__hover_enabled=\u00bboff\u00bb button_border_color__hover_enabled=\u00bbon\u00bb button_border_color__hover=\u00bb#ffffff\u00bb button_one_border_color__hover_enabled=\u00bboff\u00bb button_two_border_color__hover_enabled=\u00bboff\u00bb button_border_radius__hover_enabled=\u00bbon\u00bb button_border_radius__hover=\u00bb0px\u00bb button_one_border_radius__hover_enabled=\u00bboff\u00bb button_two_border_radius__hover_enabled=\u00bboff\u00bb button_letter_spacing__hover_enabled=\u00bbon\u00bb button_letter_spacing__hover=\u00bb4px\u00bb button_one_letter_spacing__hover_enabled=\u00bboff\u00bb button_two_letter_spacing__hover_enabled=\u00bboff\u00bb button_bg_color__hover_enabled=\u00bbon\u00bb button_bg_color__hover=\u00bbrgba(0,0,0,0)\u00bb button_one_bg_color__hover_enabled=\u00bboff\u00bb button_two_bg_color__hover_enabled=\u00bboff\u00bb][\/et_pb_button][\/et_pb_column][\/et_pb_row][\/et_pb_section]<\/p>\n","protected":false},"excerpt":{"rendered":"<p>Parc NATURAL del montgr\u00ed, les illes Medes i el Baix TerEl Projecte S\u00e8pia va\u00a0n\u00e9ixer\u00a0al\u00a0Parc Natural del Montgr\u00ed, les illes Medes i el Baix Ter, un parc on podr\u00e0s gaudir de gairab\u00e9 tots els paisatges del Mediterrani i un espai \u00fanic, com la Reserva Marina de les illes Medes. Un Parc amb tots els paisatges del [&hellip;]<\/p>\n","protected":false},"author":1,"featured_media":0,"parent":0,"menu_order":0,"comment_status":"closed","ping_status":"closed","template":"","meta":{"_et_pb_use_builder":"on","_et_pb_old_content":"","_et_gb_content_width":"","footnotes":""},"aioseo_notices":[],"_links":{"self":[{"href":"http:\/\/www.projectesepia.com\/blog\/wp-json\/wp\/v2\/pages\/636"}],"collection":[{"href":"http:\/\/www.projectesepia.com\/blog\/wp-json\/wp\/v2\/pages"}],"about":[{"href":"http:\/\/www.projectesepia.com\/blog\/wp-json\/wp\/v2\/types\/page"}],"author":[{"embeddable":true,"href":"http:\/\/www.projectesepia.com\/blog\/wp-json\/wp\/v2\/users\/1"}],"replies":[{"embeddable":true,"href":"http:\/\/www.projectesepia.com\/blog\/wp-json\/wp\/v2\/comments?post=636"}],"version-history":[{"count":12,"href":"http:\/\/www.projectesepia.com\/blog\/wp-json\/wp\/v2\/pages\/636\/revisions"}],"predecessor-version":[{"id":1057,"href":"http:\/\/www.projectesepia.com\/blog\/wp-json\/wp\/v2\/pages\/636\/revisions\/1057"}],"wp:attachment":[{"href":"http:\/\/www.projectesepia.com\/blog\/wp-json\/wp\/v2\/media?parent=636"}],"curies":[{"name":"wp","href":"https:\/\/api.w.org\/{rel}","templated":true}]}}