{"id":548,"date":"2023-08-29T14:45:59","date_gmt":"2023-08-29T14:45:59","guid":{"rendered":"http:\/\/www.projectesepia.com\/blog\/?page_id=548"},"modified":"2023-09-03T16:52:34","modified_gmt":"2023-09-03T16:52:34","slug":"el-projecte","status":"publish","type":"page","link":"http:\/\/www.projectesepia.com\/blog\/el-projecte\/","title":{"rendered":"El Projecte"},"content":{"rendered":"<p>[et_pb_section fb_built=\u00bb1&#8243; _builder_version=\u00bb4.22.1&#8243; _module_preset=\u00bbdefault\u00bb global_colors_info=\u00bb{}\u00bb][et_pb_row _builder_version=\u00bb4.22.1&#8243; _module_preset=\u00bbdefault\u00bb column_structure=\u00bb1_3,1_3,1_3&#8243;][et_pb_column _builder_version=\u00bb4.22.1&#8243; _module_preset=\u00bbdefault\u00bb type=\u00bb1_3&#8243;][et_pb_number_counter title=\u00bbOus de s\u00e8pia i de calamar recuperats a les incubadores (2017-2019)\u00bb number=\u00bb1.113.569&#8243; _builder_version=\u00bb4.22.1&#8243; _module_preset=\u00bbdefault\u00bb percent_sign=\u00bboff\u00bb number_text_color=\u00bb#E09900&#8243; number_font_size=\u00bb40px\u00bb number_font=\u00bb|700|||||||\u00bb title_font_size=\u00bb21px\u00bb title_font=\u00bb|700|||||||\u00bb hover_enabled=\u00bb0&#8243; sticky_enabled=\u00bb0&#8243;][\/et_pb_number_counter][\/et_pb_column][et_pb_column _builder_version=\u00bb4.22.1&#8243; _module_preset=\u00bbdefault\u00bb type=\u00bb1_3&#8243;][et_pb_number_counter title=\u00bbOus de s\u00e8pia i de calamar a les sepieres (2018-2019)\u00bb number=\u00bb463.665&#8243; _builder_version=\u00bb4.22.1&#8243; _module_preset=\u00bbdefault\u00bb percent_sign=\u00bboff\u00bb number_text_color=\u00bb#E09900&#8243; number_font_size=\u00bb40px\u00bb number_font=\u00bb|700|||||||\u00bb title_font=\u00bb|700|||||||\u00bb title_font_size=\u00bb21px\u00bb hover_enabled=\u00bb0&#8243; sticky_enabled=\u00bb0&#8243;][\/et_pb_number_counter][\/et_pb_column][et_pb_column _builder_version=\u00bb4.22.1&#8243; _module_preset=\u00bbdefault\u00bb type=\u00bb1_3&#8243;][et_pb_number_counter title=\u00bbTotal d&#8217;ous recuperats  (2017-2019)\u00bb number=\u00bb1.527.233&#8243; _builder_version=\u00bb4.22.1&#8243; _module_preset=\u00bbdefault\u00bb percent_sign=\u00bboff\u00bb number_text_color=\u00bb#E09900&#8243; number_font=\u00bb|700|||||||\u00bb number_font_size=\u00bb40px\u00bb title_font=\u00bb|700|||||||\u00bb title_font_size=\u00bb22px\u00bb hover_enabled=\u00bb0&#8243; sticky_enabled=\u00bb0&#8243;][\/et_pb_number_counter][\/et_pb_column][\/et_pb_row][et_pb_row _builder_version=\u00bb4.22.1&#8243; _module_preset=\u00bbdefault\u00bb][et_pb_column _builder_version=\u00bb4.22.1&#8243; _module_preset=\u00bbdefault\u00bb type=\u00bb4_4&#8243;][et_pb_divider _builder_version=\u00bb4.22.1&#8243; _module_preset=\u00bbdefault\u00bb hover_enabled=\u00bb0&#8243; sticky_enabled=\u00bb0&#8243;][\/et_pb_divider][\/et_pb_column][\/et_pb_row][et_pb_row _builder_version=\u00bb4.22.1&#8243; _module_preset=\u00bbdefault\u00bb global_colors_info=\u00bb{}\u00bb][et_pb_column type=\u00bb4_4&#8243; _builder_version=\u00bb4.22.1&#8243; _module_preset=\u00bbdefault\u00bb global_colors_info=\u00bb{}\u00bb][et_pb_text _builder_version=\u00bb4.22.1&#8243; _module_preset=\u00bbdefault\u00bb text_font=\u00bbLato||||||||\u00bb text_font_size=\u00bb20px\u00bb text_line_height=\u00bb1.8em\u00bb header_font=\u00bbLato|900|||||||\u00bb header_text_align=\u00bbleft\u00bb header_text_color=\u00bb#E09900&#8243; header_font_size=\u00bb36px\u00bb hover_enabled=\u00bb0&#8243; global_colors_info=\u00bb{}\u00bb sticky_enabled=\u00bb0&#8243;]<\/p>\n<h1><strong>\u00c0MBIT TERRITORIAL<\/strong><\/h1>\n<div class=\"container center991\">\n<div class=\"row offs3\">\n<div class=\"col-xs-12 .col-md-8\">\n<p>La zona d\u2019actuaci\u00f3 es al Baix i Alt Empord\u00e0. En concret, les badies de Roses i Pals, dins del Parc Natural del Montgr\u00ed, les illes Medes i el Baix Ter.<\/p>\n<\/div>\n<\/div>\n<\/div>\n<p>[\/et_pb_text][\/et_pb_column][\/et_pb_row][et_pb_row _builder_version=\u00bb4.22.1&#8243; _module_preset=\u00bbdefault\u00bb global_colors_info=\u00bb{}\u00bb][et_pb_column type=\u00bb4_4&#8243; _builder_version=\u00bb4.22.1&#8243; _module_preset=\u00bbdefault\u00bb global_colors_info=\u00bb{}\u00bb][et_pb_text _builder_version=\u00bb4.22.1&#8243; _module_preset=\u00bbdefault\u00bb text_font=\u00bbLato||||||||\u00bb text_font_size=\u00bb20px\u00bb text_line_height=\u00bb1.8em\u00bb header_font=\u00bbLato|900|||||||\u00bb header_text_align=\u00bbleft\u00bb header_text_color=\u00bb#E09900&#8243; header_font_size=\u00bb36px\u00bb hover_enabled=\u00bb0&#8243; global_colors_info=\u00bb{}\u00bb sticky_enabled=\u00bb0&#8243;]<\/p>\n<h1 style=\"text-align: justify;\">ANTECEDENTS DEL PROJECTE<\/h1>\n<div class=\"container center991\">\n<div class=\"row offs3\">\n<div class=\"col-xs-12 .col-md-8\">\n<p style=\"text-align: justify;\">L\u2019any 2010 l\u2019Alex Lorente, que llavors era el responsable del recent creat <a href=\"https:\/\/parcsnaturals.gencat.cat\/ca\/xarxa-de-parcs\/illes-medes\/inici\/\" target=\"_blank\" rel=\"noopener\">Parc Natural del Montgr\u00ed, Illes Medes i Baix Ter<\/a>, va tenir la iniciativa de col\u00b7laborar amb els pescadors locals. En col\u00b7laboraci\u00f3 amb la Confraria de Pescadors de l\u2019Estartit va iniciar un projecte de recuperaci\u00f3 d\u2019una activitat ancestral i que s\u2019estava perdent: la pesca amb nansa de la s\u00e8pia i la instal\u00b7laci\u00f3 de branques de galleran (Ruscus aculeatus) per afavorir la seva reproducci\u00f3. Els resultats varen ser espectaculars i molt ben rebuts per el sector pesquer i per la poblaci\u00f3 en general.<\/p>\n<p style=\"text-align: justify;\">Sobtadament, amb la desaparici\u00f3 de l\u2019\u00c0lex com a impulsor, el projecte es va aturar. Posteriorment, aquesta iniciativa va ser recollida i continuada per el personal del parc natural. Durant els anys 2014 i 2015 es varen fer diferents estudis de viabilitat i es va arribar a conclusions interessants sobre la fond\u00e0ria \u00f2ptima i les branques preferides per la s\u00e8pia i per el calamar. A l\u2019any 2016, i com a conseq\u00fc\u00e8ncia de l\u2019experi\u00e8ncia adquirida durant aquests anys, el projecte es va ampliar i millorar amb la prova pilot de les incubadores.<\/p>\n<\/div>\n<\/div>\n<\/div>\n<p>[\/et_pb_text][\/et_pb_column][\/et_pb_row][et_pb_row _builder_version=\u00bb4.22.1&#8243; _module_preset=\u00bbdefault\u00bb global_colors_info=\u00bb{}\u00bb][et_pb_column type=\u00bb4_4&#8243; _builder_version=\u00bb4.22.1&#8243; _module_preset=\u00bbdefault\u00bb global_colors_info=\u00bb{}\u00bb][et_pb_text _builder_version=\u00bb4.22.1&#8243; _module_preset=\u00bbdefault\u00bb text_font=\u00bbLato||||||||\u00bb text_font_size=\u00bb20px\u00bb text_line_height=\u00bb1.8em\u00bb header_font=\u00bb|800|||||||\u00bb header_text_align=\u00bbleft\u00bb header_text_color=\u00bb#E09900&#8243; header_font_size=\u00bb36px\u00bb hover_enabled=\u00bb0&#8243; global_colors_info=\u00bb{}\u00bb sticky_enabled=\u00bb0&#8243;]<\/p>\n<h1>OBJECTIUS<\/h1>\n<div class=\"container center991\">\n<div class=\"row offs3\">\n<div class=\"col-xs-12 .col-md-8\">\n<p>Aquest projecte t\u00e9 quatre objectius ben definits:<\/p>\n<ul>\n<li style=\"text-align: justify;\"><strong>CONSERVAR i MILLORAR el MEDI AMBIENT.<\/strong> Afavorir la reproducci\u00f3 de les s\u00e8pies i calamars per recuperar les seves poblacions a les badies afectades pel projecte.<\/li>\n<li style=\"text-align: justify;\"><strong>MILLORAR L\u2019ECONOMIA LOCAL<\/strong>. Ajudar als pescadors artesanals a recuperar una pesquera tradicional i sostenible, que havia esta molt important.<\/li>\n<li style=\"text-align: justify;\"><strong>DIVULGACI\u00d3 i SENSIBILITZACI\u00d3 AMBIENTAL.<\/strong> Transmetre el concepte de cuidar i \u201c<em>RETORNAR AL MAR<\/em>\u201d per que ens doni aliment i vida durant molt de temps.<\/li>\n<li style=\"text-align: justify;\"><strong>TURISME.<\/strong> Fomentar la pesca tradicional i sostenible per donar un producte tur\u00edstic diferenciat, de qualitat i de kil\u00f2metre cero. Aportar un valor afegit a un producte obtingut amb una pesca responsable<\/li>\n<\/ul>\n<\/div>\n<\/div>\n<\/div>\n<p>[\/et_pb_text][\/et_pb_column][\/et_pb_row][et_pb_row _builder_version=\u00bb4.22.1&#8243; _module_preset=\u00bbdefault\u00bb global_colors_info=\u00bb{}\u00bb][et_pb_column type=\u00bb4_4&#8243; _builder_version=\u00bb4.22.1&#8243; _module_preset=\u00bbdefault\u00bb global_colors_info=\u00bb{}\u00bb][et_pb_text _builder_version=\u00bb4.22.1&#8243; _module_preset=\u00bbdefault\u00bb text_font=\u00bbLato||||||||\u00bb text_font_size=\u00bb20px\u00bb text_line_height=\u00bb1.8em\u00bb header_font=\u00bb|800|||||||\u00bb header_text_align=\u00bbleft\u00bb header_text_color=\u00bb#E09900&#8243; header_font_size=\u00bb36px\u00bb hover_enabled=\u00bb0&#8243; global_colors_info=\u00bb{}\u00bb sticky_enabled=\u00bb0&#8243;]<\/p>\n<h1>DESCRIPCI\u00d3 I CARACTER\u00cdSTIQUES<\/h1>\n<div class=\"container center991\">\n<div class=\"row offs3\">\n<div class=\"col-xs-12 .col-md-8\">\n<p style=\"text-align: center;\">Per tal d&#8217;assolir aquests quatre grans objectius desenvolupem diferents actuacions:<\/p>\n<\/div>\n<\/div>\n<\/div>\n<p>[\/et_pb_text][\/et_pb_column][\/et_pb_row][et_pb_row _builder_version=\u00bb4.22.1&#8243; _module_preset=\u00bbdefault\u00bb global_colors_info=\u00bb{}\u00bb][et_pb_column type=\u00bb4_4&#8243; _builder_version=\u00bb4.22.1&#8243; _module_preset=\u00bbdefault\u00bb global_colors_info=\u00bb{}\u00bb][et_pb_heading title=\u00bbRecuperaci\u00f3 dels ous\u00bb _builder_version=\u00bb4.22.1&#8243; _module_preset=\u00bbdefault\u00bb title_font=\u00bbLato|700|||||||\u00bb title_text_align=\u00bbcenter\u00bb global_colors_info=\u00bb{}\u00bb][\/et_pb_heading][\/et_pb_column][\/et_pb_row][et_pb_row column_structure=\u00bb2_5,3_5&#8243; _builder_version=\u00bb4.22.1&#8243; _module_preset=\u00bbdefault\u00bb min_height=\u00bb384px\u00bb custom_margin=\u00bb|auto|-3px|auto||\u00bb custom_padding=\u00bb0px||0px|||\u00bb global_colors_info=\u00bb{}\u00bb][et_pb_column type=\u00bb2_5&#8243; _builder_version=\u00bb4.22.1&#8243; _module_preset=\u00bbdefault\u00bb global_colors_info=\u00bb{}\u00bb][et_pb_gallery gallery_ids=\u00bb556,558,557,555&#8243; fullwidth=\u00bbon\u00bb _builder_version=\u00bb4.22.1&#8243; _module_preset=\u00bbdefault\u00bb pagination_font=\u00bbLato||||||||\u00bb pagination_text_color=\u00bb#FFFFFF\u00bb min_height=\u00bb173.3px\u00bb custom_margin=\u00bb||-95px|||\u00bb custom_padding=\u00bb|45px|0px|||\u00bb global_colors_info=\u00bb{}\u00bb][\/et_pb_gallery][\/et_pb_column][et_pb_column type=\u00bb3_5&#8243; _builder_version=\u00bb4.22.1&#8243; _module_preset=\u00bbdefault\u00bb global_colors_info=\u00bb{}\u00bb][et_pb_text _builder_version=\u00bb4.22.1&#8243; _module_preset=\u00bbdefault\u00bb text_font=\u00bbLato||||||||\u00bb text_font_size=\u00bb18px\u00bb text_line_height=\u00bb1.8em\u00bb hover_enabled=\u00bb0&#8243; global_colors_info=\u00bb{}\u00bb sticky_enabled=\u00bb0&#8243;]<\/p>\n<p style=\"text-align: justify;\">Els pescadors artesanals recuperen els ous de s\u00e8pia i calamar que han quedat amarrats a les seves xarxes i pedrals. Els porten a port, on hi ha un viver espec\u00edfic per a cada esp\u00e8cie per acumular aquests ous.<\/p>\n<p style=\"text-align: justify;\">Despr\u00e9s d&#8217;un temps es treuen a mar obert dins d&#8217;unes incubadores. Els ous de les s\u00e8pies i calamars acaben la seva maduraci\u00f3 i fan eclosi\u00f3, donant juvenils completament normals que abandonaran les incubadores.<\/p>\n<p style=\"text-align: justify;\">Els ous que abans es perdien, ara s\u00f3n un guany net per a la poblaci\u00f3 de la badia. La zona on s&#8217;instal\u00b7len les incubadores se senyalitza com un art de pesca. \u00c9s un lloc de cria i \u00e9s un lloc sensible que necessita tranquil\u00b7litat. Cal evitar les visites i sobretot la pesca.<\/p>\n<p>[\/et_pb_text][\/et_pb_column][\/et_pb_row][et_pb_row _builder_version=\u00bb4.22.1&#8243; _module_preset=\u00bbdefault\u00bb global_colors_info=\u00bb{}\u00bb][et_pb_column type=\u00bb4_4&#8243; _builder_version=\u00bb4.22.1&#8243; _module_preset=\u00bbdefault\u00bb global_colors_info=\u00bb{}\u00bb][et_pb_heading title=\u00bbCreaci\u00f3 d&#8217;h\u00e0bitats\u00bb _builder_version=\u00bb4.22.1&#8243; _module_preset=\u00bbdefault\u00bb title_font=\u00bbLato|700|||||||\u00bb title_text_align=\u00bbcenter\u00bb global_colors_info=\u00bb{}\u00bb][\/et_pb_heading][\/et_pb_column][\/et_pb_row][et_pb_row column_structure=\u00bb2_5,3_5&#8243; _builder_version=\u00bb4.22.1&#8243; _module_preset=\u00bbdefault\u00bb custom_padding=\u00bb0px|||||\u00bb global_colors_info=\u00bb{}\u00bb][et_pb_column type=\u00bb2_5&#8243; _builder_version=\u00bb4.22.1&#8243; _module_preset=\u00bbdefault\u00bb global_colors_info=\u00bb{}\u00bb][et_pb_gallery gallery_ids=\u00bb559,560,561,562,563&#8243; fullwidth=\u00bbon\u00bb _builder_version=\u00bb4.22.1&#8243; _module_preset=\u00bbdefault\u00bb pagination_font=\u00bbLato||||||||\u00bb pagination_text_color=\u00bb#FFFFFF\u00bb min_height=\u00bb173.3px\u00bb custom_margin=\u00bb||-95px|||\u00bb custom_padding=\u00bb|45px||||\u00bb global_colors_info=\u00bb{}\u00bb][\/et_pb_gallery][\/et_pb_column][et_pb_column type=\u00bb3_5&#8243; _builder_version=\u00bb4.22.1&#8243; _module_preset=\u00bbdefault\u00bb global_colors_info=\u00bb{}\u00bb][et_pb_text _builder_version=\u00bb4.22.1&#8243; _module_preset=\u00bbdefault\u00bb text_font=\u00bbLato||||||||\u00bb text_font_size=\u00bb18px\u00bb text_line_height=\u00bb1.8em\u00bb hover_enabled=\u00bb0&#8243; global_colors_info=\u00bb{}\u00bb sticky_enabled=\u00bb0&#8243;]<\/p>\n<p style=\"text-align: justify;\"><span>Es lliguen unes branques de pi o de llentiscle als fons del mar empordan\u00e8s, per tal que les s\u00e8pies i calamar hi amarrin els ous.<\/span><\/p>\n<p style=\"text-align: justify;\"><span> Aqu\u00ed tenen un lloc segur per madurar fins que eclosionen. Els juvenils de s\u00e8pia i de calamar es queden un temps a l\u2019abric de les branques on troben aliment i protecci\u00f3. <\/span><\/p>\n<p style=\"text-align: justify;\"><span>Tamb\u00e9 instal\u00b7lem una r\u00e8plica d&#8217;aquestes sepieres, les \u00absepieres visitables\u00bb a poca fond\u00e0ria per que els banyistes puguin con\u00e8ixer les s\u00e8pies i altre fauna que troba refugi entre les branques, en una experi\u00e8ncia directa.<\/span><\/p>\n<p>[\/et_pb_text][\/et_pb_column][\/et_pb_row][\/et_pb_section][et_pb_section fb_built=\u00bb1&#8243; _builder_version=\u00bb4.22.1&#8243; _module_preset=\u00bbdefault\u00bb custom_padding=\u00bb2px|||||\u00bb global_colors_info=\u00bb{}\u00bb][et_pb_row _builder_version=\u00bb4.22.1&#8243; _module_preset=\u00bbdefault\u00bb custom_margin=\u00bb1px|auto||auto||\u00bb global_colors_info=\u00bb{}\u00bb][et_pb_column type=\u00bb4_4&#8243; _builder_version=\u00bb4.22.1&#8243; _module_preset=\u00bbdefault\u00bb global_colors_info=\u00bb{}\u00bb][et_pb_heading title=\u00bbEducaci\u00f3 i divulgaci\u00f3\u00bb _builder_version=\u00bb4.22.1&#8243; _module_preset=\u00bbdefault\u00bb title_font=\u00bbLato|700|||||||\u00bb title_text_align=\u00bbcenter\u00bb global_colors_info=\u00bb{}\u00bb][\/et_pb_heading][\/et_pb_column][\/et_pb_row][et_pb_row column_structure=\u00bb2_5,3_5&#8243; _builder_version=\u00bb4.22.1&#8243; _module_preset=\u00bbdefault\u00bb custom_padding=\u00bb0px|||||\u00bb global_colors_info=\u00bb{}\u00bb][et_pb_column type=\u00bb2_5&#8243; _builder_version=\u00bb4.22.1&#8243; _module_preset=\u00bbdefault\u00bb global_colors_info=\u00bb{}\u00bb][et_pb_gallery gallery_ids=\u00bb568,564,565,566,567&#8243; fullwidth=\u00bbon\u00bb _builder_version=\u00bb4.22.1&#8243; _module_preset=\u00bbdefault\u00bb pagination_font=\u00bbLato||||||||\u00bb pagination_text_color=\u00bb#FFFFFF\u00bb min_height=\u00bb173.3px\u00bb custom_margin=\u00bb||-95px|||\u00bb custom_padding=\u00bb|45px||||\u00bb global_colors_info=\u00bb{}\u00bb][\/et_pb_gallery][\/et_pb_column][et_pb_column type=\u00bb3_5&#8243; _builder_version=\u00bb4.22.1&#8243; _module_preset=\u00bbdefault\u00bb global_colors_info=\u00bb{}\u00bb][et_pb_text _builder_version=\u00bb4.22.1&#8243; _module_preset=\u00bbdefault\u00bb text_font=\u00bbLato||||||||\u00bb text_font_size=\u00bb18px\u00bb text_line_height=\u00bb1.8em\u00bb hover_enabled=\u00bb0&#8243; global_colors_info=\u00bb{}\u00bb sticky_enabled=\u00bb0&#8243;]<\/p>\n<p style=\"text-align: justify;\">Oferim una oferta pedag\u00f2gica variada i adaptada a totes les edats amb el nostre programa \u00ab<strong>Educas\u00e8pia. Cuidem el mar i els pescadors des del nostre plat<\/strong>\u00ab, graci\u00e9s al cofinan\u00e7ament <span class=\"OYPEnA\">del Fons Europeu Mar\u00edtim i de la Pesca.<\/span><\/p>\n<p style=\"text-align: justify;\">Realitzem xerrades divulgatives per diferents entitats com el <a href=\"https:\/\/parcsnaturals.gencat.cat\/ca\/xarxa-de-parcs\/illes-medes\/inici\/\">Parc Natural del Montgr\u00ed, les illes Medes i el Baix Ter<\/a>, el <a href=\"https:\/\/nauticescala.com\/\">Club N\u00e0utic de l&#8217;Escala<\/a>, <a href=\"https:\/\/www.aquariumbcn.com\/\">l&#8217;Aquarium de Barcelona<\/a> o diferents universitats nacionals e internacionals.<\/p>\n<p style=\"text-align: justify;\">Tamb\u00e9 fem divulgaci\u00f3 per apropar a la poblaci\u00f3 el concepte de \u201cretornar al mar\u201d si volem continuar extraient del mar, a trav\u00e9s de les nostres xarxes socials<\/p>\n<p>[\/et_pb_text][\/et_pb_column][\/et_pb_row][et_pb_row _builder_version=\u00bb4.22.1&#8243; _module_preset=\u00bbdefault\u00bb min_height=\u00bb54px\u00bb custom_margin=\u00bb33px|auto||auto||\u00bb global_colors_info=\u00bb{}\u00bb][et_pb_column type=\u00bb4_4&#8243; _builder_version=\u00bb4.22.1&#8243; _module_preset=\u00bbdefault\u00bb global_colors_info=\u00bb{}\u00bb][et_pb_heading title=\u00bbMillora de l&#8217;economia local\u00bb _builder_version=\u00bb4.22.1&#8243; _module_preset=\u00bbdefault\u00bb title_font=\u00bbLato|700|||||||\u00bb title_text_align=\u00bbcenter\u00bb min_height=\u00bb10px\u00bb custom_padding=\u00bb0px|||||\u00bb global_colors_info=\u00bb{}\u00bb][\/et_pb_heading][\/et_pb_column][\/et_pb_row][et_pb_row column_structure=\u00bb2_5,3_5&#8243; _builder_version=\u00bb4.22.1&#8243; _module_preset=\u00bbdefault\u00bb custom_padding=\u00bb0px|||||\u00bb global_colors_info=\u00bb{}\u00bb][et_pb_column type=\u00bb2_5&#8243; _builder_version=\u00bb4.22.1&#8243; _module_preset=\u00bbdefault\u00bb global_colors_info=\u00bb{}\u00bb][et_pb_gallery gallery_ids=\u00bb1053,1050,1051,1052,567&#8243; fullwidth=\u00bbon\u00bb _builder_version=\u00bb4.22.1&#8243; _module_preset=\u00bbdefault\u00bb pagination_font=\u00bbLato||||||||\u00bb pagination_text_color=\u00bb#FFFFFF\u00bb min_height=\u00bb173.3px\u00bb custom_margin=\u00bb||-95px|||\u00bb custom_padding=\u00bb|45px||||\u00bb hover_enabled=\u00bb0&#8243; global_colors_info=\u00bb{}\u00bb sticky_enabled=\u00bb0&#8243;][\/et_pb_gallery][\/et_pb_column][et_pb_column type=\u00bb3_5&#8243; _builder_version=\u00bb4.22.1&#8243; _module_preset=\u00bbdefault\u00bb global_colors_info=\u00bb{}\u00bb][et_pb_text _builder_version=\u00bb4.22.1&#8243; _module_preset=\u00bbdefault\u00bb text_font=\u00bbLato||||||||\u00bb text_font_size=\u00bb18px\u00bb text_line_height=\u00bb1.8em\u00bb hover_enabled=\u00bb0&#8243; global_colors_info=\u00bb{}\u00bb sticky_enabled=\u00bb0&#8243;]<\/p>\n<p style=\"text-align: justify;\">Donem un valor afegit a un producte pesquer obtingut de manera tradicional i sostenible, per part de pescadors artesanals compromesos i responsables. El Projecte S\u00e8pia ha inspirat als pescadors a crear la seva marca de qualitat: <a href=\"https:\/\/empescat.cat\/\"><strong>Empesca&#8217;t<\/strong><\/a>.<\/p>\n<p style=\"text-align: justify;\">Promovem el coneixement del medi mar\u00ed i de la pesca artesanal responsable a trav\u00e9s d&#8217;experi\u00e8ncies tur\u00edstiques de qualitat sota els principis de la Carta Europea de Turisme Sostenible.<\/p>\n<p style=\"text-align: justify;\">Aquestes experi\u00e8ncies tenen lloc dins del <a href=\"https:\/\/parcsnaturals.gencat.cat\/ca\/xarxa-de-parcs\/illes-medes\/inici\/\">Parc Natural del Montgr\u00ed, les illes Medes i el Baix Ter<\/a>, al voltant de la Reserva Marina de les Illes Medes, un <em>hotspot<\/em> de biodiversitat.<\/p>\n<p>&nbsp;<\/p>\n<p>[\/et_pb_text][\/et_pb_column][\/et_pb_row][et_pb_row _builder_version=\u00bb4.22.1&#8243; _module_preset=\u00bbdefault\u00bb custom_padding=\u00bb0px|||||\u00bb global_colors_info=\u00bb{}\u00bb][et_pb_column type=\u00bb4_4&#8243; _builder_version=\u00bb4.22.1&#8243; _module_preset=\u00bbdefault\u00bb global_colors_info=\u00bb{}\u00bb][et_pb_text _builder_version=\u00bb4.22.1&#8243; _module_preset=\u00bbdefault\u00bb text_font=\u00bbLato|700|||||||\u00bb text_font_size=\u00bb18px\u00bb min_height=\u00bb175.8px\u00bb custom_padding=\u00bb4px|||||\u00bb hover_enabled=\u00bb0&#8243; global_colors_info=\u00bb{}\u00bb text_letter_spacing=\u00bb1px\u00bb text_line_height=\u00bb1.8em\u00bb sticky_enabled=\u00bb0&#8243;]<\/p>\n<p style=\"text-align: justify;\">\n<p style=\"text-align: justify;\"><span style=\"font-size: 18px; text-align: justify;\">Aquest projecte pioner i referent europeu, abanderat amb la filosofia de \u201cRETORNAR AL MAR SI VOLEM REBRE DEL MAR\u00bb, \u00e9s impulsat i coordinat per Projecte S\u00e8pia SC, format pel t\u00e8cnic de pesca Isaac Moya i el bi\u00f2leg Boris Weitzmann. Hi participen els pescadors artesanals de l\u2019Escala i l\u2019Estartit. Hi col\u00b7laboren diverses empreses i t\u00e9 el suport del Direcci\u00f3 General de Pesca i Afers Mar\u00edtims, del Parc Natural del Montgr\u00ed, les illes Medes i el Baix Ter, l&#8217;Ajuntament de Torroella de Montgr\u00ed.<\/span><\/p>\n<p>&nbsp;<\/p>\n<p>[\/et_pb_text][\/et_pb_column][\/et_pb_row][\/et_pb_section][et_pb_section fb_built=\u00bb1&#8243; _builder_version=\u00bb4.22.1&#8243; _module_preset=\u00bbdefault\u00bb global_colors_info=\u00bb{}\u00bb][et_pb_row column_structure=\u00bb1_6,1_6,1_6,1_6,1_6,1_6&#8243; _builder_version=\u00bb4.22.1&#8243; _module_preset=\u00bbdefault\u00bb global_colors_info=\u00bb{}\u00bb][et_pb_column type=\u00bb1_6&#8243; _builder_version=\u00bb4.22.1&#8243; _module_preset=\u00bbdefault\u00bb global_colors_info=\u00bb{}\u00bb][et_pb_image src=\u00bbhttp:\/\/www.projectesepia.com\/blog\/wp-content\/uploads\/2023\/08\/5.png\u00bb title_text=\u00bb5&#8243; align=\u00bbcenter\u00bb _builder_version=\u00bb4.22.1&#8243; _module_preset=\u00bbdefault\u00bb transform_scale=\u00bb150%|150%\u00bb global_colors_info=\u00bb{}\u00bb][\/et_pb_image][\/et_pb_column][et_pb_column type=\u00bb1_6&#8243; _builder_version=\u00bb4.22.1&#8243; _module_preset=\u00bbdefault\u00bb global_colors_info=\u00bb{}\u00bb][et_pb_image src=\u00bbhttp:\/\/www.projectesepia.com\/blog\/wp-content\/uploads\/2023\/08\/4.png\u00bb title_text=\u00bb4&#8243; align=\u00bbcenter\u00bb _builder_version=\u00bb4.22.1&#8243; _module_preset=\u00bbdefault\u00bb transform_scale=\u00bb150%|150%\u00bb global_colors_info=\u00bb{}\u00bb][\/et_pb_image][\/et_pb_column][et_pb_column type=\u00bb1_6&#8243; _builder_version=\u00bb4.22.1&#8243; _module_preset=\u00bbdefault\u00bb global_colors_info=\u00bb{}\u00bb][et_pb_image src=\u00bbhttp:\/\/www.projectesepia.com\/blog\/wp-content\/uploads\/2023\/08\/2.png\u00bb title_text=\u00bb2&#8243; align=\u00bbcenter\u00bb _builder_version=\u00bb4.22.1&#8243; _module_preset=\u00bbdefault\u00bb transform_scale=\u00bb150%|150%\u00bb global_colors_info=\u00bb{}\u00bb][\/et_pb_image][\/et_pb_column][et_pb_column type=\u00bb1_6&#8243; _builder_version=\u00bb4.22.1&#8243; _module_preset=\u00bbdefault\u00bb global_colors_info=\u00bb{}\u00bb][et_pb_image src=\u00bbhttp:\/\/www.projectesepia.com\/blog\/wp-content\/uploads\/2023\/08\/6.png\u00bb title_text=\u00bb6&#8243; align=\u00bbcenter\u00bb _builder_version=\u00bb4.22.1&#8243; _module_preset=\u00bbdefault\u00bb transform_scale=\u00bb150%|150%\u00bb global_colors_info=\u00bb{}\u00bb][\/et_pb_image][\/et_pb_column][et_pb_column type=\u00bb1_6&#8243; _builder_version=\u00bb4.22.1&#8243; _module_preset=\u00bbdefault\u00bb global_colors_info=\u00bb{}\u00bb][et_pb_image src=\u00bbhttp:\/\/www.projectesepia.com\/blog\/wp-content\/uploads\/2023\/08\/logo-galp.jpg\u00bb title_text=\u00bblogo-galp\u00bb align=\u00bbcenter\u00bb _builder_version=\u00bb4.22.1&#8243; _module_preset=\u00bbdefault\u00bb transform_scale=\u00bb75%|75%\u00bb hover_enabled=\u00bb0&#8243; global_colors_info=\u00bb{}\u00bb sticky_enabled=\u00bb0&#8243; custom_margin=\u00bb-27px|||||\u00bb][\/et_pb_image][\/et_pb_column][et_pb_column type=\u00bb1_6&#8243; _builder_version=\u00bb4.22.1&#8243; _module_preset=\u00bbdefault\u00bb global_colors_info=\u00bb{}\u00bb][et_pb_image src=\u00bbhttp:\/\/www.projectesepia.com\/blog\/wp-content\/uploads\/2023\/08\/3.png\u00bb title_text=\u00bb3&#8243; align=\u00bbcenter\u00bb _builder_version=\u00bb4.22.1&#8243; _module_preset=\u00bbdefault\u00bb transform_scale=\u00bb150%|150%\u00bb global_colors_info=\u00bb{}\u00bb][\/et_pb_image][\/et_pb_column][\/et_pb_row][\/et_pb_section]<\/p>\n","protected":false},"excerpt":{"rendered":"<p>\u00c0MBIT TERRITORIAL La zona d\u2019actuaci\u00f3 es al Baix i Alt Empord\u00e0. En concret, les badies de Roses i Pals, dins del Parc Natural del Montgr\u00ed, les illes Medes i el Baix Ter. ANTECEDENTS DEL PROJECTE L\u2019any 2010 l\u2019Alex Lorente, que llavors era el responsable del recent creat Parc Natural del Montgr\u00ed, Illes Medes i Baix [&hellip;]<\/p>\n","protected":false},"author":1,"featured_media":0,"parent":0,"menu_order":0,"comment_status":"closed","ping_status":"closed","template":"","meta":{"_et_pb_use_builder":"on","_et_pb_old_content":"","_et_gb_content_width":"","footnotes":""},"aioseo_notices":[],"_links":{"self":[{"href":"http:\/\/www.projectesepia.com\/blog\/wp-json\/wp\/v2\/pages\/548"}],"collection":[{"href":"http:\/\/www.projectesepia.com\/blog\/wp-json\/wp\/v2\/pages"}],"about":[{"href":"http:\/\/www.projectesepia.com\/blog\/wp-json\/wp\/v2\/types\/page"}],"author":[{"embeddable":true,"href":"http:\/\/www.projectesepia.com\/blog\/wp-json\/wp\/v2\/users\/1"}],"replies":[{"embeddable":true,"href":"http:\/\/www.projectesepia.com\/blog\/wp-json\/wp\/v2\/comments?post=548"}],"version-history":[{"count":8,"href":"http:\/\/www.projectesepia.com\/blog\/wp-json\/wp\/v2\/pages\/548\/revisions"}],"predecessor-version":[{"id":1056,"href":"http:\/\/www.projectesepia.com\/blog\/wp-json\/wp\/v2\/pages\/548\/revisions\/1056"}],"wp:attachment":[{"href":"http:\/\/www.projectesepia.com\/blog\/wp-json\/wp\/v2\/media?parent=548"}],"curies":[{"name":"wp","href":"https:\/\/api.w.org\/{rel}","templated":true}]}}